{"id":340,"date":"2016-09-20T16:04:51","date_gmt":"2016-09-20T15:04:51","guid":{"rendered":"http:\/\/ctfis-acores.org\/wordpress\/?page_id=340"},"modified":"2021-07-07T10:11:30","modified_gmt":"2021-07-07T09:11:30","slug":"carla-tavares","status":"publish","type":"page","link":"http:\/\/ctfis-acores.org\/wordpress\/?page_id=340","title":{"rendered":"Carla Tavares"},"content":{"rendered":"\t\t<div data-elementor-type=\"wp-page\" data-elementor-id=\"340\" class=\"elementor elementor-340\">\n\t\t\t\t\t\t\t\t\t<section class=\"elementor-section elementor-top-section elementor-element elementor-element-2b55acf elementor-section-boxed elementor-section-height-default elementor-section-height-default\" data-id=\"2b55acf\" data-element_type=\"section\">\n\t\t\t\t\t\t<div class=\"elementor-container elementor-column-gap-default\">\n\t\t\t\t\t<div class=\"elementor-column elementor-col-100 elementor-top-column elementor-element elementor-element-60cca3a\" data-id=\"60cca3a\" data-element_type=\"column\">\n\t\t\t<div class=\"elementor-widget-wrap elementor-element-populated\">\n\t\t\t\t\t\t\t\t<div class=\"elementor-element elementor-element-80f5199 elementor-position-top elementor-vertical-align-top elementor-widget elementor-widget-image-box\" data-id=\"80f5199\" data-element_type=\"widget\" data-widget_type=\"image-box.default\">\n\t\t\t\t<div class=\"elementor-widget-container\">\n\t\t\t<div class=\"elementor-image-box-wrapper\"><figure class=\"elementor-image-box-img\"><img loading=\"lazy\" decoding=\"async\" width=\"224\" height=\"300\" src=\"http:\/\/ctfis-acores.org\/wordpress\/wp-content\/uploads\/2021\/07\/IMG_20180511_145812-1-224x300.jpg\" class=\"attachment-medium size-medium\" alt=\"\" \/><\/figure><div class=\"elementor-image-box-content\"><p class=\"elementor-image-box-description\">Carla Tavares<\/p><\/div><\/div>\t\t<\/div>\n\t\t\t\t<\/div>\n\t\t\t\t\t<\/div>\n\t\t<\/div>\n\t\t\t\t\t\t\t<\/div>\n\t\t<\/section>\n\t\t\t\t<section class=\"elementor-section elementor-top-section elementor-element elementor-element-4d8 elementor-section-boxed elementor-section-height-default elementor-section-height-default\" data-id=\"4d8\" data-element_type=\"section\">\n\t\t\t\t\t\t<div class=\"elementor-container elementor-column-gap-default\">\n\t\t\t\t\t<div class=\"elementor-column elementor-col-100 elementor-top-column elementor-element elementor-element-52c0\" data-id=\"52c0\" data-element_type=\"column\">\n\t\t\t<div class=\"elementor-widget-wrap elementor-element-populated\">\n\t\t\t\t\t\t\t\t<div class=\"elementor-element elementor-element-615a elementor-widget elementor-widget-text-editor\" data-id=\"615a\" data-element_type=\"widget\" data-widget_type=\"text-editor.default\">\n\t\t\t\t<div class=\"elementor-widget-container\">\n\t\t\t\t\t\t\t<p class=\"nombre_persona\"><span style=\"font-size: 16px;\">Em 2004 termina a sua forma\u00e7\u00e3o em Servi\u00e7o social no Instituto Superior Bissaya Barreto em Coimbra. No \u00faltimo ano da licenciatura estagiou num Centro de Sa\u00fade.<\/span><\/p><div class=\"textcurr\"><p>Em 2005, inicia a sua actividade no mundo laboral com um est\u00e1gio profissional na Comiss\u00e3o de Protec\u00e7\u00e3o de Crian\u00e7as e Jovens em Coimbra.<\/p><p>Em 2006, desloca-se at\u00e9 aos A\u00e7ores, Ilha de S\u00e3o Miguel e a\u00ed come\u00e7a por trabalhar tamb\u00e9m na Comiss\u00e3o de Protec\u00e7\u00e3o de Crian\u00e7as e Jovens em Ponta Delgada, posteriormente vai para a Equipa Multidisciplinar de apoio aos Tribunais, mais concretamente ao Tribunal de Fam\u00edlia e Menores, onde permaneceu 2 anos.<\/p><p>Em 2008, inicia actividade como t\u00e9cnica na Equipa de Integra\u00e7\u00e3o Familiar no Centro de Terapia Familiar e Interven\u00e7\u00e3o Sist\u00e9mica, onde permanece at\u00e9 \u00e0 presente data. Contudo, em 2012, por necessidade dos servi\u00e7os, esteve durante 7 meses como t\u00e9cnica de Rendimento Social de Inser\u00e7\u00e3o e t\u00e9cnica de Ac\u00e7\u00e3o Social no Instituto para o Desenvolvimento Social dos A\u00e7ores de Ponta Delgada.<\/p><p>De 2012 a 2014 tirou o Curso B\u00e1sico de forma\u00e7\u00e3o em Terapia Familiar, online, ministrado pela Escuela Vasco Navarra de Terapia Familiar em parceria com a Universidade de Coimbra. \u00c9 Terapeuta Familiar e membro efectivo da Sociedade Portuguesa de Terapia Familiar (2017)<\/p><p>Mediadora Familiar, acreditada pelo Minist\u00e9rio da Justi\u00e7a (2016-2017) e\u00a0Formadora Credenciada<\/p><\/div>\t\t\t\t\t\t<\/div>\n\t\t\t\t<\/div>\n\t\t\t\t\t<\/div>\n\t\t<\/div>\n\t\t\t\t\t\t\t<\/div>\n\t\t<\/section>\n\t\t\t\t\t\t\t<\/div>\n\t\t","protected":false},"excerpt":{"rendered":"<p>Carla Tavares Em 2004 termina a sua forma\u00e7\u00e3o em Servi\u00e7o social no Instituto Superior Bissaya Barreto em Coimbra. No \u00faltimo ano da licenciatura estagiou num Centro de Sa\u00fade. Em 2005, inicia a sua actividade no mundo laboral com um est\u00e1gio profissional na Comiss\u00e3o de Protec\u00e7\u00e3o de Crian\u00e7as e Jovens em Coimbra. Em 2006, desloca-se at\u00e9 [&hellip;]<\/p>\n","protected":false},"author":1,"featured_media":0,"parent":0,"menu_order":0,"comment_status":"closed","ping_status":"closed","template":"","meta":{"footnotes":""},"_links":{"self":[{"href":"http:\/\/ctfis-acores.org\/wordpress\/index.php?rest_route=\/wp\/v2\/pages\/340"}],"collection":[{"href":"http:\/\/ctfis-acores.org\/wordpress\/index.php?rest_route=\/wp\/v2\/pages"}],"about":[{"href":"http:\/\/ctfis-acores.org\/wordpress\/index.php?rest_route=\/wp\/v2\/types\/page"}],"author":[{"embeddable":true,"href":"http:\/\/ctfis-acores.org\/wordpress\/index.php?rest_route=\/wp\/v2\/users\/1"}],"replies":[{"embeddable":true,"href":"http:\/\/ctfis-acores.org\/wordpress\/index.php?rest_route=%2Fwp%2Fv2%2Fcomments&post=340"}],"version-history":[{"count":4,"href":"http:\/\/ctfis-acores.org\/wordpress\/index.php?rest_route=\/wp\/v2\/pages\/340\/revisions"}],"predecessor-version":[{"id":1053,"href":"http:\/\/ctfis-acores.org\/wordpress\/index.php?rest_route=\/wp\/v2\/pages\/340\/revisions\/1053"}],"wp:attachment":[{"href":"http:\/\/ctfis-acores.org\/wordpress\/index.php?rest_route=%2Fwp%2Fv2%2Fmedia&parent=340"}],"curies":[{"name":"wp","href":"https:\/\/api.w.org\/{rel}","templated":true}]}}